{"id":11791,"date":"2026-04-29T11:36:43","date_gmt":"2026-04-29T09:36:43","guid":{"rendered":"https:\/\/www.marcafermana.it\/?post_type=tribe_events&#038;p=11791"},"modified":"2026-04-29T11:36:54","modified_gmt":"2026-04-29T09:36:54","slug":"nel-cuore-delle-marche-un-1-maggio-tra-storia-e-meraviglia","status":"publish","type":"tribe_events","link":"https:\/\/www.marcafermana.it\/it\/evento\/nel-cuore-delle-marche-un-1-maggio-tra-storia-e-meraviglia\/","title":{"rendered":"NEL CUORE DELLE MARCHE, UN 1\u00b0 MAGGIO TRA STORIA E MERAVIGLIA"},"content":{"rendered":"<p>Torna la Passeggiata Archeologica di Monte Rinaldo: decima edizione per un<br \/>\nborgo che custodisce duemila anni di silenzio<br \/>\nC&#8217;\u00e8 un piccolo borgo nel Fermano, arroccato tra i Sibillini e la valle dell&#8217;Aso, dove il<br \/>\ntempo sembra essersi fermato su se stesso in strati sovrapposti di secoli. Si chiama<br \/>\nMonte Rinaldo, e porta nel nome la memoria di una leggenda: quella di tre fratelli<br \/>\nnormanni \u2014 Pietro, Elpidio e Rinaldo \u2014 cui si fa risalire la sua fondazione. Le sue<br \/>\nmura medievali, le chiese in laterizio, la Torre Civica con l&#8217;orologio e il panorama<br \/>\nmozzafiato sui Monti Sibillini raccontano una storia lunga e ricca.<br \/>\nMa \u00e8 appena fuori dal borgo, lungo un&#8217;antica via di passaggio percorsa da pellegrini e<br \/>\nviandanti diretti verso Fermo e Ascoli, che la storia si fa ancora pi\u00f9 antica e<br \/>\nsorprendente.<br \/>\nIn localit\u00e0 La Cuma \u2014 il cui nome evoca le ondulazioni collinari del paesaggio \u2014 si<br \/>\nnascondeva, sepolta sotto terra per secoli, una delle testimonianze pi\u00f9 straordinarie<br \/>\ndel Piceno romano: un santuario costruito a partire dalla met\u00e0 del II secolo a.C.,<br \/>\narticolato in tre edifici principali disposti su una terrazza, con al centro un tempio<br \/>\ndedicato a Giove ornato di sculture in terracotta dipinta e terrecotte architettoniche sul<br \/>\ntetto, e un monumentale portico colonnato con colonne in arenaria di ordine dorico sul<br \/>\nfronte e ionico-italico all&#8217;interno. Si tratta di uno dei complessi cultuali ellenistici pi\u00f9<br \/>\nimportanti dell&#8217;intera regione.<br \/>\nLa Cuma si trovava su un&#8217;antica via di passaggio dei pellegrini che da Roma si<br \/>\ndirigevano verso la colonia di Fermo e la citt\u00e0 federata di Asculum. Per secoli venne<br \/>\nutilizzata come luogo sacro, per la sosta dei viandanti, per le attivit\u00e0 commerciali. Nel<br \/>\ncorso dei secoli fu progressivamente abbandonata e sommersa dalla terra, fino a<br \/>\nquando, nel 1950, un agricoltore arando la propria terra scopr\u00ec un enorme blocco di<br \/>\npietra arenaria.<br \/>\nDa quella scoperta fortuita, non si \u00e8 pi\u00f9 smesso di scavare: oggi l&#8217;Universit\u00e0 di<br \/>\nBologna, la British School at Rome e la Soprintendenza Archeologia, Belle Arti e<br \/>\nPaesaggio delle Marche continuano a condurre indagini sistematiche sull&#8217;area,<br \/>\naffiancate da attivit\u00e0 di documentazione e restauro dei reperti.<br \/>\n\u00c8 in questo contesto straordinario che gioved\u00ec 1\u00b0 maggio 2026 il Comune di Monte<br \/>\nRinaldo celebra la decima edizione della sua Passeggiata Archeologica,<br \/>\nnell&#8217;ambito dell&#8217;iniziativa Passeggiate di Marca.<br \/>\n\u201cL\u2019edizione 2026 ci porter\u00e0 alla scoperta del giardino delle orchidee che continua ad<br \/>\nespandersi! Lungo il percorso, guidati da Stefano Properzi, avremmo anche la<br \/>\npossibilit\u00e0 di essere accompagnati dallo spettacolo di Piero Massimo Macchini.<br \/>\nRinnovata anche la Collaborazione con L\u2019Asd Valtenna ed il Decumano Caff\u00e8, segno<br \/>\ndi continue collaborazioni strategiche al fine di poter meglio valorizzare il Borgo.<br \/>\nPurtroppo, a causa dei lavori di adeguamento, miglioramento e valorizzazione del sito<br \/>\narcheologico non sar\u00e0 possibile effettuare la visita guidata dell\u2019area archeologica \u201cLa<br \/>\nCuma\u201d, interessata da due straordinari interventi di valorizzazione.\u201d Conclude il<br \/>\nSindaco Borroni.<br \/>\nIL PROGRAMMA<br \/>\nOre 9,30 \u2014 Ritrovo dei partecipanti in Via Roma, nel cuore del borgo medievale.<br \/>\nOre 10,00 \u2014 Inizio della Passeggiata Archeologica a cura di Stefano Properzi: un<br \/>\npercorso di circa 6 km (andata e ritorno, dislivello 150 m) che attraversa il tessuto<br \/>\nstorico del paese e scende lungo l&#8217;antica via verso la valle dell&#8217;Aso, fino all&#8217;area de La<br \/>\nCuma. Un cammino che \u00e8 anche viaggio nel tempo: dallo sguardo medievale delle<br \/>\nmura del borgo alle colonne romane emergenti dalla collina, passando per un<br \/>\npaesaggio marchigiano di rara bellezza. L&#8217;iniziativa \u00e8 realizzata in collaborazione con<br \/>\nA.S.D. Valtenna.<br \/>\nOre 11,00 \u2014 Durante la passeggiata, spazio all&#8217;arte con lo spettacolo &#8220;Dolly Bomba<br \/>\n\u2013 BRAINSTORMING&#8221;, di e con Piero Massimo Macchini: arte, ironia e creativit\u00e0 tra<br \/>\nle colline del Fermano.<br \/>\nOre 12,30 \u2014 Arrivo all&#8217;area di accoglienza turistica &#8220;La Cuma&#8221;, dove ci si ferma per<br \/>\nil pranzo al sacco \u2014 prenotabile entro il 28 aprile presso il Decumano Caff\u00e8 (tel.<br \/>\n0734.923957) \u2014 con la terrazza del santuario romano come scenario ideale per una<br \/>\nsosta che vale da sola il viaggio.<br \/>\nOre 15,00 \u2014 Rientro a piedi nel centro storico e conclusione della passeggiata.<br \/>\nINFORMAZIONI E PRENOTAZIONI<br \/>\nLa partecipazione \u00e8 gratuita, ma la prenotazione \u00e8 obbligatoria (posti limitati).<br \/>\nStefano Properzi \u2014 WhatsApp: 338.3365114<br \/>\nDieci edizioni, dieci primavere trascorse a riscoprire un territorio che parla.<br \/>\nMonte Rinaldo aspetta chi sa ascoltare.<br \/>\nComune di Monte Rinaldo<br \/>\nProvincia di Fermo \u2013 Regione Marche<\/p>\n<p><img loading=\"lazy\" decoding=\"async\" class=\"alignnone size-medium wp-image-11816\" src=\"https:\/\/www.marcafermana.it\/wp-content\/uploads\/2026\/04\/0ad11399-7e07-4089-bacc-c1484fbe0ff6-300x225.jpg\" alt=\"\" width=\"300\" height=\"225\" srcset=\"https:\/\/www.marcafermana.it\/wp-content\/uploads\/2026\/04\/0ad11399-7e07-4089-bacc-c1484fbe0ff6-300x225.jpg 300w, https:\/\/www.marcafermana.it\/wp-content\/uploads\/2026\/04\/0ad11399-7e07-4089-bacc-c1484fbe0ff6-1024x768.jpg 1024w, https:\/\/www.marcafermana.it\/wp-content\/uploads\/2026\/04\/0ad11399-7e07-4089-bacc-c1484fbe0ff6-768x576.jpg 768w, https:\/\/www.marcafermana.it\/wp-content\/uploads\/2026\/04\/0ad11399-7e07-4089-bacc-c1484fbe0ff6-1536x1152.jpg 1536w, https:\/\/www.marcafermana.it\/wp-content\/uploads\/2026\/04\/0ad11399-7e07-4089-bacc-c1484fbe0ff6.jpg 1600w\" sizes=\"auto, (max-width: 300px) 100vw, 300px\" \/><img loading=\"lazy\" decoding=\"async\" class=\"alignnone size-medium wp-image-11800\" src=\"https:\/\/www.marcafermana.it\/wp-content\/uploads\/2026\/04\/IMG_5812-225x300.jpeg\" alt=\"\" width=\"225\" height=\"300\" srcset=\"https:\/\/www.marcafermana.it\/wp-content\/uploads\/2026\/04\/IMG_5812-225x300.jpeg 225w, https:\/\/www.marcafermana.it\/wp-content\/uploads\/2026\/04\/IMG_5812-768x1024.jpeg 768w, https:\/\/www.marcafermana.it\/wp-content\/uploads\/2026\/04\/IMG_5812-1152x1536.jpeg 1152w, https:\/\/www.marcafermana.it\/wp-content\/uploads\/2026\/04\/IMG_5812-1536x2048.jpeg 1536w\" sizes=\"auto, (max-width: 225px) 100vw, 225px\" \/><\/p>\n","protected":false},"excerpt":{"rendered":"<p>Torna la Passeggiata Archeologica di Monte Rinaldo: decima edizione per un borgo che custodisce duemila anni di silenzio C&#8217;\u00e8 un piccolo borgo nel Fermano, arroccato tra i Sibillini e la valle dell&#8217;Aso, dove il tempo sembra essersi fermato su se [&hellip;]<\/p>\n","protected":false},"author":7,"featured_media":11818,"comment_status":"open","ping_status":"closed","template":"","meta":{"_acf_changed":false,"_tribe_events_status":"","_tribe_events_status_reason":"","footnotes":""},"tags":[],"tribe_events_cat":[],"class_list":["post-11791","tribe_events","type-tribe_events","status-publish","has-post-thumbnail","hentry"],"acf":[],"yoast_head":"<!-- This site is optimized with the Yoast SEO plugin v22.8 - https:\/\/yoast.com\/wordpress\/plugins\/seo\/ -->\n<title>NEL CUORE DELLE MARCHE, UN 1\u00b0 MAGGIO TRA STORIA E MERAVIGLIA - Marca Fermana<\/title>\n<meta name=\"robots\" content=\"index, follow, max-snippet:-1, max-image-preview:large, max-video-preview:-1\" \/>\n<link rel=\"canonical\" href=\"https:\/\/www.marcafermana.it\/it\/evento\/nel-cuore-delle-marche-un-1-maggio-tra-storia-e-meraviglia\/\" \/>\n<meta property=\"og:locale\" content=\"it_IT\" \/>\n<meta property=\"og:type\" content=\"article\" \/>\n<meta property=\"og:title\" content=\"NEL CUORE DELLE MARCHE, UN 1\u00b0 MAGGIO TRA STORIA E MERAVIGLIA - Marca Fermana\" \/>\n<meta property=\"og:description\" content=\"Torna la Passeggiata Archeologica di Monte Rinaldo: decima edizione per un borgo che custodisce duemila anni di silenzio C&#8217;\u00e8 un piccolo borgo nel Fermano, arroccato tra i Sibillini e la valle dell&#8217;Aso, dove il tempo sembra essersi fermato su se [&hellip;]\" \/>\n<meta property=\"og:url\" content=\"https:\/\/www.marcafermana.it\/it\/evento\/nel-cuore-delle-marche-un-1-maggio-tra-storia-e-meraviglia\/\" \/>\n<meta property=\"og:site_name\" content=\"Marca Fermana\" \/>\n<meta property=\"article:publisher\" content=\"https:\/\/www.facebook.com\/marcafermanaAssociazione\/\" \/>\n<meta property=\"article:modified_time\" content=\"2026-04-29T09:36:54+00:00\" \/>\n<meta property=\"og:image\" content=\"https:\/\/www.marcafermana.it\/wp-content\/uploads\/2026\/04\/locandina-1-maggio-2026.jpg\" \/>\n\t<meta property=\"og:image:width\" content=\"1131\" \/>\n\t<meta property=\"og:image:height\" content=\"1600\" \/>\n\t<meta property=\"og:image:type\" content=\"image\/jpeg\" \/>\n<meta name=\"twitter:card\" content=\"summary_large_image\" \/>\n<meta name=\"twitter:site\" content=\"@MarcaFermana\" \/>\n<meta name=\"twitter:label1\" content=\"Tempo di lettura stimato\" \/>\n\t<meta name=\"twitter:data1\" content=\"5 minuti\" \/>\n<script type=\"application\/ld+json\" class=\"yoast-schema-graph\">{\"@context\":\"https:\/\/schema.org\",\"@graph\":[{\"@type\":\"WebPage\",\"@id\":\"https:\/\/www.marcafermana.it\/it\/evento\/nel-cuore-delle-marche-un-1-maggio-tra-storia-e-meraviglia\/\",\"url\":\"https:\/\/www.marcafermana.it\/it\/evento\/nel-cuore-delle-marche-un-1-maggio-tra-storia-e-meraviglia\/\",\"name\":\"NEL CUORE DELLE MARCHE, UN 1\u00b0 MAGGIO TRA STORIA E MERAVIGLIA - Marca Fermana\",\"isPartOf\":{\"@id\":\"https:\/\/www.marcafermana.it\/it\/#website\"},\"primaryImageOfPage\":{\"@id\":\"https:\/\/www.marcafermana.it\/it\/evento\/nel-cuore-delle-marche-un-1-maggio-tra-storia-e-meraviglia\/#primaryimage\"},\"image\":{\"@id\":\"https:\/\/www.marcafermana.it\/it\/evento\/nel-cuore-delle-marche-un-1-maggio-tra-storia-e-meraviglia\/#primaryimage\"},\"thumbnailUrl\":\"https:\/\/www.marcafermana.it\/wp-content\/uploads\/2026\/04\/locandina-1-maggio-2026.jpg\",\"datePublished\":\"2026-04-29T09:36:43+00:00\",\"dateModified\":\"2026-04-29T09:36:54+00:00\",\"breadcrumb\":{\"@id\":\"https:\/\/www.marcafermana.it\/it\/evento\/nel-cuore-delle-marche-un-1-maggio-tra-storia-e-meraviglia\/#breadcrumb\"},\"inLanguage\":\"it-IT\",\"potentialAction\":[{\"@type\":\"ReadAction\",\"target\":[\"https:\/\/www.marcafermana.it\/it\/evento\/nel-cuore-delle-marche-un-1-maggio-tra-storia-e-meraviglia\/\"]}]},{\"@type\":\"ImageObject\",\"inLanguage\":\"it-IT\",\"@id\":\"https:\/\/www.marcafermana.it\/it\/evento\/nel-cuore-delle-marche-un-1-maggio-tra-storia-e-meraviglia\/#primaryimage\",\"url\":\"https:\/\/www.marcafermana.it\/wp-content\/uploads\/2026\/04\/locandina-1-maggio-2026.jpg\",\"contentUrl\":\"https:\/\/www.marcafermana.it\/wp-content\/uploads\/2026\/04\/locandina-1-maggio-2026.jpg\",\"width\":1131,\"height\":1600},{\"@type\":\"BreadcrumbList\",\"@id\":\"https:\/\/www.marcafermana.it\/it\/evento\/nel-cuore-delle-marche-un-1-maggio-tra-storia-e-meraviglia\/#breadcrumb\",\"itemListElement\":[{\"@type\":\"ListItem\",\"position\":1,\"name\":\"Home\",\"item\":\"https:\/\/www.marcafermana.it\/it\/\"},{\"@type\":\"ListItem\",\"position\":2,\"name\":\"Eventi\",\"item\":\"https:\/\/www.marcafermana.it\/it\/eventi\/\"},{\"@type\":\"ListItem\",\"position\":3,\"name\":\"NEL CUORE DELLE MARCHE, UN 1\u00b0 MAGGIO TRA STORIA E MERAVIGLIA\"}]},{\"@type\":\"WebSite\",\"@id\":\"https:\/\/www.marcafermana.it\/it\/#website\",\"url\":\"https:\/\/www.marcafermana.it\/it\/\",\"name\":\"Marca Fermana\",\"description\":\"Il fermano, la bellezza con radici storiche e culturali\",\"publisher\":{\"@id\":\"https:\/\/www.marcafermana.it\/it\/#organization\"},\"potentialAction\":[{\"@type\":\"SearchAction\",\"target\":{\"@type\":\"EntryPoint\",\"urlTemplate\":\"https:\/\/www.marcafermana.it\/it\/?s={search_term_string}\"},\"query-input\":\"required name=search_term_string\"}],\"inLanguage\":\"it-IT\"},{\"@type\":\"Organization\",\"@id\":\"https:\/\/www.marcafermana.it\/it\/#organization\",\"name\":\"Marca Fermana\",\"url\":\"https:\/\/www.marcafermana.it\/it\/\",\"logo\":{\"@type\":\"ImageObject\",\"inLanguage\":\"it-IT\",\"@id\":\"https:\/\/www.marcafermana.it\/it\/#\/schema\/logo\/image\/\",\"url\":\"https:\/\/www.marcafermana.it\/wp-content\/uploads\/2018\/09\/favicon-marca-fermana.png\",\"contentUrl\":\"https:\/\/www.marcafermana.it\/wp-content\/uploads\/2018\/09\/favicon-marca-fermana.png\",\"width\":256,\"height\":256,\"caption\":\"Marca Fermana\"},\"image\":{\"@id\":\"https:\/\/www.marcafermana.it\/it\/#\/schema\/logo\/image\/\"},\"sameAs\":[\"https:\/\/www.facebook.com\/marcafermanaAssociazione\/\",\"https:\/\/x.com\/MarcaFermana\"]}]}<\/script>\n<!-- \/ Yoast SEO plugin. -->","yoast_head_json":{"title":"NEL CUORE DELLE MARCHE, UN 1\u00b0 MAGGIO TRA STORIA E MERAVIGLIA - Marca Fermana","robots":{"index":"index","follow":"follow","max-snippet":"max-snippet:-1","max-image-preview":"max-image-preview:large","max-video-preview":"max-video-preview:-1"},"canonical":"https:\/\/www.marcafermana.it\/it\/evento\/nel-cuore-delle-marche-un-1-maggio-tra-storia-e-meraviglia\/","og_locale":"it_IT","og_type":"article","og_title":"NEL CUORE DELLE MARCHE, UN 1\u00b0 MAGGIO TRA STORIA E MERAVIGLIA - Marca Fermana","og_description":"Torna la Passeggiata Archeologica di Monte Rinaldo: decima edizione per un borgo che custodisce duemila anni di silenzio C&#8217;\u00e8 un piccolo borgo nel Fermano, arroccato tra i Sibillini e la valle dell&#8217;Aso, dove il tempo sembra essersi fermato su se [&hellip;]","og_url":"https:\/\/www.marcafermana.it\/it\/evento\/nel-cuore-delle-marche-un-1-maggio-tra-storia-e-meraviglia\/","og_site_name":"Marca Fermana","article_publisher":"https:\/\/www.facebook.com\/marcafermanaAssociazione\/","article_modified_time":"2026-04-29T09:36:54+00:00","og_image":[{"width":1131,"height":1600,"url":"https:\/\/www.marcafermana.it\/wp-content\/uploads\/2026\/04\/locandina-1-maggio-2026.jpg","type":"image\/jpeg"}],"twitter_card":"summary_large_image","twitter_site":"@MarcaFermana","twitter_misc":{"Tempo di lettura stimato":"5 minuti"},"schema":{"@context":"https:\/\/schema.org","@graph":[{"@type":"WebPage","@id":"https:\/\/www.marcafermana.it\/it\/evento\/nel-cuore-delle-marche-un-1-maggio-tra-storia-e-meraviglia\/","url":"https:\/\/www.marcafermana.it\/it\/evento\/nel-cuore-delle-marche-un-1-maggio-tra-storia-e-meraviglia\/","name":"NEL CUORE DELLE MARCHE, UN 1\u00b0 MAGGIO TRA STORIA E MERAVIGLIA - Marca Fermana","isPartOf":{"@id":"https:\/\/www.marcafermana.it\/it\/#website"},"primaryImageOfPage":{"@id":"https:\/\/www.marcafermana.it\/it\/evento\/nel-cuore-delle-marche-un-1-maggio-tra-storia-e-meraviglia\/#primaryimage"},"image":{"@id":"https:\/\/www.marcafermana.it\/it\/evento\/nel-cuore-delle-marche-un-1-maggio-tra-storia-e-meraviglia\/#primaryimage"},"thumbnailUrl":"https:\/\/www.marcafermana.it\/wp-content\/uploads\/2026\/04\/locandina-1-maggio-2026.jpg","datePublished":"2026-04-29T09:36:43+00:00","dateModified":"2026-04-29T09:36:54+00:00","breadcrumb":{"@id":"https:\/\/www.marcafermana.it\/it\/evento\/nel-cuore-delle-marche-un-1-maggio-tra-storia-e-meraviglia\/#breadcrumb"},"inLanguage":"it-IT","potentialAction":[{"@type":"ReadAction","target":["https:\/\/www.marcafermana.it\/it\/evento\/nel-cuore-delle-marche-un-1-maggio-tra-storia-e-meraviglia\/"]}]},{"@type":"ImageObject","inLanguage":"it-IT","@id":"https:\/\/www.marcafermana.it\/it\/evento\/nel-cuore-delle-marche-un-1-maggio-tra-storia-e-meraviglia\/#primaryimage","url":"https:\/\/www.marcafermana.it\/wp-content\/uploads\/2026\/04\/locandina-1-maggio-2026.jpg","contentUrl":"https:\/\/www.marcafermana.it\/wp-content\/uploads\/2026\/04\/locandina-1-maggio-2026.jpg","width":1131,"height":1600},{"@type":"BreadcrumbList","@id":"https:\/\/www.marcafermana.it\/it\/evento\/nel-cuore-delle-marche-un-1-maggio-tra-storia-e-meraviglia\/#breadcrumb","itemListElement":[{"@type":"ListItem","position":1,"name":"Home","item":"https:\/\/www.marcafermana.it\/it\/"},{"@type":"ListItem","position":2,"name":"Eventi","item":"https:\/\/www.marcafermana.it\/it\/eventi\/"},{"@type":"ListItem","position":3,"name":"NEL CUORE DELLE MARCHE, UN 1\u00b0 MAGGIO TRA STORIA E MERAVIGLIA"}]},{"@type":"WebSite","@id":"https:\/\/www.marcafermana.it\/it\/#website","url":"https:\/\/www.marcafermana.it\/it\/","name":"Marca Fermana","description":"Il fermano, la bellezza con radici storiche e culturali","publisher":{"@id":"https:\/\/www.marcafermana.it\/it\/#organization"},"potentialAction":[{"@type":"SearchAction","target":{"@type":"EntryPoint","urlTemplate":"https:\/\/www.marcafermana.it\/it\/?s={search_term_string}"},"query-input":"required name=search_term_string"}],"inLanguage":"it-IT"},{"@type":"Organization","@id":"https:\/\/www.marcafermana.it\/it\/#organization","name":"Marca Fermana","url":"https:\/\/www.marcafermana.it\/it\/","logo":{"@type":"ImageObject","inLanguage":"it-IT","@id":"https:\/\/www.marcafermana.it\/it\/#\/schema\/logo\/image\/","url":"https:\/\/www.marcafermana.it\/wp-content\/uploads\/2018\/09\/favicon-marca-fermana.png","contentUrl":"https:\/\/www.marcafermana.it\/wp-content\/uploads\/2018\/09\/favicon-marca-fermana.png","width":256,"height":256,"caption":"Marca Fermana"},"image":{"@id":"https:\/\/www.marcafermana.it\/it\/#\/schema\/logo\/image\/"},"sameAs":["https:\/\/www.facebook.com\/marcafermanaAssociazione\/","https:\/\/x.com\/MarcaFermana"]}]}},"_links":{"self":[{"href":"https:\/\/www.marcafermana.it\/it\/wp-json\/wp\/v2\/tribe_events\/11791","targetHints":{"allow":["GET"]}}],"collection":[{"href":"https:\/\/www.marcafermana.it\/it\/wp-json\/wp\/v2\/tribe_events"}],"about":[{"href":"https:\/\/www.marcafermana.it\/it\/wp-json\/wp\/v2\/types\/tribe_events"}],"author":[{"embeddable":true,"href":"https:\/\/www.marcafermana.it\/it\/wp-json\/wp\/v2\/users\/7"}],"replies":[{"embeddable":true,"href":"https:\/\/www.marcafermana.it\/it\/wp-json\/wp\/v2\/comments?post=11791"}],"version-history":[{"count":1,"href":"https:\/\/www.marcafermana.it\/it\/wp-json\/wp\/v2\/tribe_events\/11791\/revisions"}],"predecessor-version":[{"id":11822,"href":"https:\/\/www.marcafermana.it\/it\/wp-json\/wp\/v2\/tribe_events\/11791\/revisions\/11822"}],"wp:featuredmedia":[{"embeddable":true,"href":"https:\/\/www.marcafermana.it\/it\/wp-json\/wp\/v2\/media\/11818"}],"wp:attachment":[{"href":"https:\/\/www.marcafermana.it\/it\/wp-json\/wp\/v2\/media?parent=11791"}],"wp:term":[{"taxonomy":"post_tag","embeddable":true,"href":"https:\/\/www.marcafermana.it\/it\/wp-json\/wp\/v2\/tags?post=11791"},{"taxonomy":"tribe_events_cat","embeddable":true,"href":"https:\/\/www.marcafermana.it\/it\/wp-json\/wp\/v2\/tribe_events_cat?post=11791"}],"curies":[{"name":"wp","href":"https:\/\/api.w.org\/{rel}","templated":true}]}}