{"id":11825,"date":"2026-04-29T11:46:38","date_gmt":"2026-04-29T09:46:38","guid":{"rendered":"https:\/\/www.marcafermana.it\/?post_type=tribe_events&#038;p=11825"},"modified":"2026-04-29T11:47:11","modified_gmt":"2026-04-29T09:47:11","slug":"lunione-comuni-valdaso-guarda-al-futuro-trasparenza-e-collaborazione-per-una-pa-piu-moderna","status":"publish","type":"tribe_events","link":"https:\/\/www.marcafermana.it\/it\/evento\/lunione-comuni-valdaso-guarda-al-futuro-trasparenza-e-collaborazione-per-una-pa-piu-moderna\/","title":{"rendered":"L\u2019Unione Comuni Valdaso guarda al futuro: trasparenza e collaborazione per una PA pi\u00f9 moderna"},"content":{"rendered":"<p>ALTIDONA (FM) \u2013 Si \u00e8 svolta gioved\u00ec 16 aprile la prima giornata formativa promossa dall\u2019Unione Comuni Valdaso dedicata al tema &#8220;Anticorruzione e Trasparenza&#8221;. L\u2019incontro, che ha riunito amministratori e personale tecnico dei 5 comuni aderenti presso la Sala Joyce Lussu di Marina di Altidona, ha rappresentato un momento significativo nel percorso di aggiornamento e crescita della Pubblica Amministrazione locale.<\/p>\n<p>L&#8217;iniziativa \u00e8 stata interpretata non solo come un adempimento normativo al quale ogni comune avrebbe dovuto assolvere individualmente, ma anche come un\u2019opportunit\u00e0 di riflessione sulle modalit\u00e0 operative dell\u2019Ente. In questo contesto, la trasparenza si conferma un elemento importante per accompagnare i processi di modernizzazione e contribuire a rafforzare il rapporto di fiducia tra istituzioni e cittadini. Un\u2019amministrazione aperta \u00e8 infatti chiamata a comunicare in modo chiaro, promuovendo integrit\u00e0 e partecipazione.<\/p>\n<p>Uno degli aspetti centrali della giornata \u00e8 stato il networking. L\u2019evento ha offerto ai dipendenti dei vari Comuni un\u2019occasione di confronto diretto, favorendo lo scambio di buone prassi e la costruzione di relazioni professionali tra i vari comuni dell&#8217;Unione. La collaborazione tra enti e una maggiore omogeneit\u00e0 delle procedure possono contribuire a migliorare l\u2019efficienza e la qualit\u00e0 dei servizi su tutto il territorio della Valdaso.<\/p>\n<p>Sotto la guida del docente Dott. Luca Ricciotti, sono state analizzate le pi\u00f9 recenti evoluzioni normative (tra cui le delibere ANAC), evidenziandone non solo gli aspetti prescrittivi ma anche le possibili ricadute positive per l\u2019Ente e per i cittadini.<\/p>\n<p>\u201cInvestire nella formazione e nel confronto tra i nostri Comuni \u00e8 fondamentale,\u201d dichiara la Presidente dell\u2019Unione Comuni Valdaso, Giuliana Porr\u00e0. \u201cQuesto percorso ci aiuta a rafforzare competenze e strumenti, con l\u2019obiettivo di rendere l\u2019amministrazione sempre pi\u00f9 efficace e vicina alla comunit\u00e0. La trasparenza rappresenta un riferimento importante, insieme ad altri fattori, per migliorare la qualit\u00e0 dei servizi e consolidare il rapporto con i cittadini.\u201d<\/p>\n<p>L\u2019Unione Comuni Valdaso conferma cos\u00ec il proprio impegno verso un\u2019amministrazione sempre pi\u00f9 efficiente, condivisa e orientata al cittadino.<\/p>\n<p><img loading=\"lazy\" decoding=\"async\" class=\"alignnone size-medium wp-image-11802\" src=\"https:\/\/www.marcafermana.it\/wp-content\/uploads\/2026\/04\/WhatsApp-Image-2026-04-16-at-11.30.16-300x225.jpeg\" alt=\"\" width=\"300\" height=\"225\" srcset=\"https:\/\/www.marcafermana.it\/wp-content\/uploads\/2026\/04\/WhatsApp-Image-2026-04-16-at-11.30.16-300x225.jpeg 300w, https:\/\/www.marcafermana.it\/wp-content\/uploads\/2026\/04\/WhatsApp-Image-2026-04-16-at-11.30.16-1024x768.jpeg 1024w, https:\/\/www.marcafermana.it\/wp-content\/uploads\/2026\/04\/WhatsApp-Image-2026-04-16-at-11.30.16-768x576.jpeg 768w, https:\/\/www.marcafermana.it\/wp-content\/uploads\/2026\/04\/WhatsApp-Image-2026-04-16-at-11.30.16-1536x1152.jpeg 1536w, https:\/\/www.marcafermana.it\/wp-content\/uploads\/2026\/04\/WhatsApp-Image-2026-04-16-at-11.30.16.jpeg 1600w\" sizes=\"auto, (max-width: 300px) 100vw, 300px\" \/><\/p>\n","protected":false},"excerpt":{"rendered":"<p>ALTIDONA (FM) \u2013 Si \u00e8 svolta gioved\u00ec 16 aprile la prima giornata formativa promossa dall\u2019Unione Comuni Valdaso dedicata al tema &#8220;Anticorruzione e Trasparenza&#8221;. L\u2019incontro, che ha riunito amministratori e personale tecnico dei 5 comuni aderenti presso la Sala Joyce Lussu [&hellip;]<\/p>\n","protected":false},"author":7,"featured_media":11804,"comment_status":"open","ping_status":"closed","template":"","meta":{"_acf_changed":false,"_tribe_events_status":"","_tribe_events_status_reason":"","footnotes":""},"tags":[],"tribe_events_cat":[],"class_list":["post-11825","tribe_events","type-tribe_events","status-publish","has-post-thumbnail","hentry"],"acf":[],"yoast_head":"<!-- This site is optimized with the Yoast SEO plugin v22.8 - https:\/\/yoast.com\/wordpress\/plugins\/seo\/ -->\n<title>L\u2019Unione Comuni Valdaso guarda al futuro: trasparenza e collaborazione per una PA pi\u00f9 moderna - Marca Fermana<\/title>\n<meta name=\"robots\" content=\"index, follow, max-snippet:-1, max-image-preview:large, max-video-preview:-1\" \/>\n<link rel=\"canonical\" href=\"https:\/\/www.marcafermana.it\/it\/evento\/lunione-comuni-valdaso-guarda-al-futuro-trasparenza-e-collaborazione-per-una-pa-piu-moderna\/\" \/>\n<meta property=\"og:locale\" content=\"it_IT\" \/>\n<meta property=\"og:type\" content=\"article\" \/>\n<meta property=\"og:title\" content=\"L\u2019Unione Comuni Valdaso guarda al futuro: trasparenza e collaborazione per una PA pi\u00f9 moderna - Marca Fermana\" \/>\n<meta property=\"og:description\" content=\"ALTIDONA (FM) \u2013 Si \u00e8 svolta gioved\u00ec 16 aprile la prima giornata formativa promossa dall\u2019Unione Comuni Valdaso dedicata al tema &#8220;Anticorruzione e Trasparenza&#8221;. L\u2019incontro, che ha riunito amministratori e personale tecnico dei 5 comuni aderenti presso la Sala Joyce Lussu [&hellip;]\" \/>\n<meta property=\"og:url\" content=\"https:\/\/www.marcafermana.it\/it\/evento\/lunione-comuni-valdaso-guarda-al-futuro-trasparenza-e-collaborazione-per-una-pa-piu-moderna\/\" \/>\n<meta property=\"og:site_name\" content=\"Marca Fermana\" \/>\n<meta property=\"article:publisher\" content=\"https:\/\/www.facebook.com\/marcafermanaAssociazione\/\" \/>\n<meta property=\"article:modified_time\" content=\"2026-04-29T09:47:11+00:00\" \/>\n<meta property=\"og:image\" content=\"https:\/\/www.marcafermana.it\/wp-content\/uploads\/2026\/04\/WhatsApp-Image-2026-04-16-at-11.30.17.jpeg\" \/>\n\t<meta property=\"og:image:width\" content=\"1600\" \/>\n\t<meta property=\"og:image:height\" content=\"1200\" \/>\n\t<meta property=\"og:image:type\" content=\"image\/jpeg\" \/>\n<meta name=\"twitter:card\" content=\"summary_large_image\" \/>\n<meta name=\"twitter:site\" content=\"@MarcaFermana\" \/>\n<meta name=\"twitter:label1\" content=\"Tempo di lettura stimato\" \/>\n\t<meta name=\"twitter:data1\" content=\"3 minuti\" \/>\n<script type=\"application\/ld+json\" class=\"yoast-schema-graph\">{\"@context\":\"https:\/\/schema.org\",\"@graph\":[{\"@type\":\"WebPage\",\"@id\":\"https:\/\/www.marcafermana.it\/it\/evento\/lunione-comuni-valdaso-guarda-al-futuro-trasparenza-e-collaborazione-per-una-pa-piu-moderna\/\",\"url\":\"https:\/\/www.marcafermana.it\/it\/evento\/lunione-comuni-valdaso-guarda-al-futuro-trasparenza-e-collaborazione-per-una-pa-piu-moderna\/\",\"name\":\"L\u2019Unione Comuni Valdaso guarda al futuro: trasparenza e collaborazione per una PA pi\u00f9 moderna - Marca Fermana\",\"isPartOf\":{\"@id\":\"https:\/\/www.marcafermana.it\/it\/#website\"},\"primaryImageOfPage\":{\"@id\":\"https:\/\/www.marcafermana.it\/it\/evento\/lunione-comuni-valdaso-guarda-al-futuro-trasparenza-e-collaborazione-per-una-pa-piu-moderna\/#primaryimage\"},\"image\":{\"@id\":\"https:\/\/www.marcafermana.it\/it\/evento\/lunione-comuni-valdaso-guarda-al-futuro-trasparenza-e-collaborazione-per-una-pa-piu-moderna\/#primaryimage\"},\"thumbnailUrl\":\"https:\/\/www.marcafermana.it\/wp-content\/uploads\/2026\/04\/WhatsApp-Image-2026-04-16-at-11.30.17.jpeg\",\"datePublished\":\"2026-04-29T09:46:38+00:00\",\"dateModified\":\"2026-04-29T09:47:11+00:00\",\"breadcrumb\":{\"@id\":\"https:\/\/www.marcafermana.it\/it\/evento\/lunione-comuni-valdaso-guarda-al-futuro-trasparenza-e-collaborazione-per-una-pa-piu-moderna\/#breadcrumb\"},\"inLanguage\":\"it-IT\",\"potentialAction\":[{\"@type\":\"ReadAction\",\"target\":[\"https:\/\/www.marcafermana.it\/it\/evento\/lunione-comuni-valdaso-guarda-al-futuro-trasparenza-e-collaborazione-per-una-pa-piu-moderna\/\"]}]},{\"@type\":\"ImageObject\",\"inLanguage\":\"it-IT\",\"@id\":\"https:\/\/www.marcafermana.it\/it\/evento\/lunione-comuni-valdaso-guarda-al-futuro-trasparenza-e-collaborazione-per-una-pa-piu-moderna\/#primaryimage\",\"url\":\"https:\/\/www.marcafermana.it\/wp-content\/uploads\/2026\/04\/WhatsApp-Image-2026-04-16-at-11.30.17.jpeg\",\"contentUrl\":\"https:\/\/www.marcafermana.it\/wp-content\/uploads\/2026\/04\/WhatsApp-Image-2026-04-16-at-11.30.17.jpeg\",\"width\":1600,\"height\":1200},{\"@type\":\"BreadcrumbList\",\"@id\":\"https:\/\/www.marcafermana.it\/it\/evento\/lunione-comuni-valdaso-guarda-al-futuro-trasparenza-e-collaborazione-per-una-pa-piu-moderna\/#breadcrumb\",\"itemListElement\":[{\"@type\":\"ListItem\",\"position\":1,\"name\":\"Home\",\"item\":\"https:\/\/www.marcafermana.it\/it\/\"},{\"@type\":\"ListItem\",\"position\":2,\"name\":\"Eventi\",\"item\":\"https:\/\/www.marcafermana.it\/it\/eventi\/\"},{\"@type\":\"ListItem\",\"position\":3,\"name\":\"L\u2019Unione Comuni Valdaso guarda al futuro: trasparenza e collaborazione per una PA pi\u00f9 moderna\"}]},{\"@type\":\"WebSite\",\"@id\":\"https:\/\/www.marcafermana.it\/it\/#website\",\"url\":\"https:\/\/www.marcafermana.it\/it\/\",\"name\":\"Marca Fermana\",\"description\":\"Il fermano, la bellezza con radici storiche e culturali\",\"publisher\":{\"@id\":\"https:\/\/www.marcafermana.it\/it\/#organization\"},\"potentialAction\":[{\"@type\":\"SearchAction\",\"target\":{\"@type\":\"EntryPoint\",\"urlTemplate\":\"https:\/\/www.marcafermana.it\/it\/?s={search_term_string}\"},\"query-input\":\"required name=search_term_string\"}],\"inLanguage\":\"it-IT\"},{\"@type\":\"Organization\",\"@id\":\"https:\/\/www.marcafermana.it\/it\/#organization\",\"name\":\"Marca Fermana\",\"url\":\"https:\/\/www.marcafermana.it\/it\/\",\"logo\":{\"@type\":\"ImageObject\",\"inLanguage\":\"it-IT\",\"@id\":\"https:\/\/www.marcafermana.it\/it\/#\/schema\/logo\/image\/\",\"url\":\"https:\/\/www.marcafermana.it\/wp-content\/uploads\/2018\/09\/favicon-marca-fermana.png\",\"contentUrl\":\"https:\/\/www.marcafermana.it\/wp-content\/uploads\/2018\/09\/favicon-marca-fermana.png\",\"width\":256,\"height\":256,\"caption\":\"Marca Fermana\"},\"image\":{\"@id\":\"https:\/\/www.marcafermana.it\/it\/#\/schema\/logo\/image\/\"},\"sameAs\":[\"https:\/\/www.facebook.com\/marcafermanaAssociazione\/\",\"https:\/\/x.com\/MarcaFermana\"]}]}<\/script>\n<!-- \/ Yoast SEO plugin. -->","yoast_head_json":{"title":"L\u2019Unione Comuni Valdaso guarda al futuro: trasparenza e collaborazione per una PA pi\u00f9 moderna - Marca Fermana","robots":{"index":"index","follow":"follow","max-snippet":"max-snippet:-1","max-image-preview":"max-image-preview:large","max-video-preview":"max-video-preview:-1"},"canonical":"https:\/\/www.marcafermana.it\/it\/evento\/lunione-comuni-valdaso-guarda-al-futuro-trasparenza-e-collaborazione-per-una-pa-piu-moderna\/","og_locale":"it_IT","og_type":"article","og_title":"L\u2019Unione Comuni Valdaso guarda al futuro: trasparenza e collaborazione per una PA pi\u00f9 moderna - Marca Fermana","og_description":"ALTIDONA (FM) \u2013 Si \u00e8 svolta gioved\u00ec 16 aprile la prima giornata formativa promossa dall\u2019Unione Comuni Valdaso dedicata al tema &#8220;Anticorruzione e Trasparenza&#8221;. L\u2019incontro, che ha riunito amministratori e personale tecnico dei 5 comuni aderenti presso la Sala Joyce Lussu [&hellip;]","og_url":"https:\/\/www.marcafermana.it\/it\/evento\/lunione-comuni-valdaso-guarda-al-futuro-trasparenza-e-collaborazione-per-una-pa-piu-moderna\/","og_site_name":"Marca Fermana","article_publisher":"https:\/\/www.facebook.com\/marcafermanaAssociazione\/","article_modified_time":"2026-04-29T09:47:11+00:00","og_image":[{"width":1600,"height":1200,"url":"https:\/\/www.marcafermana.it\/wp-content\/uploads\/2026\/04\/WhatsApp-Image-2026-04-16-at-11.30.17.jpeg","type":"image\/jpeg"}],"twitter_card":"summary_large_image","twitter_site":"@MarcaFermana","twitter_misc":{"Tempo di lettura stimato":"3 minuti"},"schema":{"@context":"https:\/\/schema.org","@graph":[{"@type":"WebPage","@id":"https:\/\/www.marcafermana.it\/it\/evento\/lunione-comuni-valdaso-guarda-al-futuro-trasparenza-e-collaborazione-per-una-pa-piu-moderna\/","url":"https:\/\/www.marcafermana.it\/it\/evento\/lunione-comuni-valdaso-guarda-al-futuro-trasparenza-e-collaborazione-per-una-pa-piu-moderna\/","name":"L\u2019Unione Comuni Valdaso guarda al futuro: trasparenza e collaborazione per una PA pi\u00f9 moderna - Marca Fermana","isPartOf":{"@id":"https:\/\/www.marcafermana.it\/it\/#website"},"primaryImageOfPage":{"@id":"https:\/\/www.marcafermana.it\/it\/evento\/lunione-comuni-valdaso-guarda-al-futuro-trasparenza-e-collaborazione-per-una-pa-piu-moderna\/#primaryimage"},"image":{"@id":"https:\/\/www.marcafermana.it\/it\/evento\/lunione-comuni-valdaso-guarda-al-futuro-trasparenza-e-collaborazione-per-una-pa-piu-moderna\/#primaryimage"},"thumbnailUrl":"https:\/\/www.marcafermana.it\/wp-content\/uploads\/2026\/04\/WhatsApp-Image-2026-04-16-at-11.30.17.jpeg","datePublished":"2026-04-29T09:46:38+00:00","dateModified":"2026-04-29T09:47:11+00:00","breadcrumb":{"@id":"https:\/\/www.marcafermana.it\/it\/evento\/lunione-comuni-valdaso-guarda-al-futuro-trasparenza-e-collaborazione-per-una-pa-piu-moderna\/#breadcrumb"},"inLanguage":"it-IT","potentialAction":[{"@type":"ReadAction","target":["https:\/\/www.marcafermana.it\/it\/evento\/lunione-comuni-valdaso-guarda-al-futuro-trasparenza-e-collaborazione-per-una-pa-piu-moderna\/"]}]},{"@type":"ImageObject","inLanguage":"it-IT","@id":"https:\/\/www.marcafermana.it\/it\/evento\/lunione-comuni-valdaso-guarda-al-futuro-trasparenza-e-collaborazione-per-una-pa-piu-moderna\/#primaryimage","url":"https:\/\/www.marcafermana.it\/wp-content\/uploads\/2026\/04\/WhatsApp-Image-2026-04-16-at-11.30.17.jpeg","contentUrl":"https:\/\/www.marcafermana.it\/wp-content\/uploads\/2026\/04\/WhatsApp-Image-2026-04-16-at-11.30.17.jpeg","width":1600,"height":1200},{"@type":"BreadcrumbList","@id":"https:\/\/www.marcafermana.it\/it\/evento\/lunione-comuni-valdaso-guarda-al-futuro-trasparenza-e-collaborazione-per-una-pa-piu-moderna\/#breadcrumb","itemListElement":[{"@type":"ListItem","position":1,"name":"Home","item":"https:\/\/www.marcafermana.it\/it\/"},{"@type":"ListItem","position":2,"name":"Eventi","item":"https:\/\/www.marcafermana.it\/it\/eventi\/"},{"@type":"ListItem","position":3,"name":"L\u2019Unione Comuni Valdaso guarda al futuro: trasparenza e collaborazione per una PA pi\u00f9 moderna"}]},{"@type":"WebSite","@id":"https:\/\/www.marcafermana.it\/it\/#website","url":"https:\/\/www.marcafermana.it\/it\/","name":"Marca Fermana","description":"Il fermano, la bellezza con radici storiche e culturali","publisher":{"@id":"https:\/\/www.marcafermana.it\/it\/#organization"},"potentialAction":[{"@type":"SearchAction","target":{"@type":"EntryPoint","urlTemplate":"https:\/\/www.marcafermana.it\/it\/?s={search_term_string}"},"query-input":"required name=search_term_string"}],"inLanguage":"it-IT"},{"@type":"Organization","@id":"https:\/\/www.marcafermana.it\/it\/#organization","name":"Marca Fermana","url":"https:\/\/www.marcafermana.it\/it\/","logo":{"@type":"ImageObject","inLanguage":"it-IT","@id":"https:\/\/www.marcafermana.it\/it\/#\/schema\/logo\/image\/","url":"https:\/\/www.marcafermana.it\/wp-content\/uploads\/2018\/09\/favicon-marca-fermana.png","contentUrl":"https:\/\/www.marcafermana.it\/wp-content\/uploads\/2018\/09\/favicon-marca-fermana.png","width":256,"height":256,"caption":"Marca Fermana"},"image":{"@id":"https:\/\/www.marcafermana.it\/it\/#\/schema\/logo\/image\/"},"sameAs":["https:\/\/www.facebook.com\/marcafermanaAssociazione\/","https:\/\/x.com\/MarcaFermana"]}]}},"_links":{"self":[{"href":"https:\/\/www.marcafermana.it\/it\/wp-json\/wp\/v2\/tribe_events\/11825","targetHints":{"allow":["GET"]}}],"collection":[{"href":"https:\/\/www.marcafermana.it\/it\/wp-json\/wp\/v2\/tribe_events"}],"about":[{"href":"https:\/\/www.marcafermana.it\/it\/wp-json\/wp\/v2\/types\/tribe_events"}],"author":[{"embeddable":true,"href":"https:\/\/www.marcafermana.it\/it\/wp-json\/wp\/v2\/users\/7"}],"replies":[{"embeddable":true,"href":"https:\/\/www.marcafermana.it\/it\/wp-json\/wp\/v2\/comments?post=11825"}],"version-history":[{"count":1,"href":"https:\/\/www.marcafermana.it\/it\/wp-json\/wp\/v2\/tribe_events\/11825\/revisions"}],"predecessor-version":[{"id":11826,"href":"https:\/\/www.marcafermana.it\/it\/wp-json\/wp\/v2\/tribe_events\/11825\/revisions\/11826"}],"wp:featuredmedia":[{"embeddable":true,"href":"https:\/\/www.marcafermana.it\/it\/wp-json\/wp\/v2\/media\/11804"}],"wp:attachment":[{"href":"https:\/\/www.marcafermana.it\/it\/wp-json\/wp\/v2\/media?parent=11825"}],"wp:term":[{"taxonomy":"post_tag","embeddable":true,"href":"https:\/\/www.marcafermana.it\/it\/wp-json\/wp\/v2\/tags?post=11825"},{"taxonomy":"tribe_events_cat","embeddable":true,"href":"https:\/\/www.marcafermana.it\/it\/wp-json\/wp\/v2\/tribe_events_cat?post=11825"}],"curies":[{"name":"wp","href":"https:\/\/api.w.org\/{rel}","templated":true}]}}