{"id":11827,"date":"2026-04-29T11:48:42","date_gmt":"2026-04-29T09:48:42","guid":{"rendered":"https:\/\/www.marcafermana.it\/?post_type=tribe_events&#038;p=11827"},"modified":"2026-04-29T11:48:56","modified_gmt":"2026-04-29T09:48:56","slug":"altidona-dalle-mense-al-laboratorio-il-progetto-pappa-fish-si-chiude-con-gli-studenti-protagonisti","status":"publish","type":"tribe_events","link":"https:\/\/www.marcafermana.it\/it\/evento\/altidona-dalle-mense-al-laboratorio-il-progetto-pappa-fish-si-chiude-con-gli-studenti-protagonisti\/","title":{"rendered":"Altidona, dalle mense al laboratorio: il progetto \u201cPappa Fish\u201d si chiude con gli studenti protagonisti"},"content":{"rendered":"<p>ALTIDONA \u2013 Dall\u2019introduzione del pesce fresco dell\u2019Adriatico nelle mense scolastiche fino al laboratorio finale con gli studenti: si \u00e8 concluso ad Altidona il progetto \u201cPappa Fish \u2013 Mangia bene, cresci sano come un pesce\u201d, promosso dalla Regione Marche e finanziato con fondi europei.<\/p>\n<p>L\u2019iniziativa, avviata nei mesi scorsi, ha portato nelle mense scolastiche pesce fresco locale, con l\u2019obiettivo di migliorare la qualit\u00e0 dell\u2019alimentazione e valorizzare i prodotti del territorio. Il servizio di refezione, gestito da Serenissima Ristorazione, ha introdotto diverse tipologie di pesce selezionate in base alla stagionalit\u00e0 e alla disponibilit\u00e0 del pescato, con ricette studiate per essere equilibrate e adatte ai pi\u00f9 piccoli.<\/p>\n<p>Parallelamente, il progetto ha previsto un percorso educativo rivolto agli alunni della scuola dell\u2019infanzia e primaria, con attivit\u00e0 didattiche e laboratori per far conoscere il valore nutrizionale del pesce e promuovere una maggiore consapevolezza alimentare.<\/p>\n<p>Momento conclusivo dell\u2019iniziativa \u00e8 stato il laboratorio di cucina che si \u00e8 svolto presso la scuola primaria di Altidona, dove i bambini sono stati protagonisti di un\u2019esperienza pratica e coinvolgente. L\u2019incontro ha rappresentato l\u2019ultima tappa di un percorso che ha accompagnato gli studenti alla scoperta del mare, delle specie ittiche locali e dell\u2019importanza di una dieta equilibrata.<\/p>\n<p>Durante l\u2019attivit\u00e0, gli alunni sono stati coinvolti nella preparazione di semplici ricette a base di pesce, sperimentando direttamente il valore e il gusto del cibo come esperienza educativa, sensoriale e culturale, presenti, oltre alle insegnanti, che hanno accolto con entusiasmo l&#8217;iniziativa, anche la Dirigente scolastica ed il Sindaco\u00a0 che insieme hanno preparato e assaggiato. Un\u2019occasione che ha permesso loro di conoscere pi\u00f9 da vicino il pesce, superare eventuali diffidenze e sviluppare una maggiore attenzione verso un\u2019alimentazione sana.<\/p>\n<p>\u00abSi tratta di un progetto importante per la salute dei nostri bambini e per la promozione di una corretta cultura alimentare\u00bb, aveva commentato il sindaco di Altidona, Giuliana Porr\u00e0. \u00abPortare il pesce fresco locale nelle scuole ha significato anche rafforzare il legame con il territorio e le sue tradizioni\u00bb.<\/p>\n<p>Il progetto \u201cPappa Fish\u201d si \u00e8 inserito in un pi\u00f9 ampio impegno volto a promuovere il consumo di pesce fresco locale nelle mense scolastiche, sostenere la filiera ittica e la pesca del territorio ed educare le nuove generazioni a scelte alimentari consapevoli e sostenibili.<\/p>\n<p>L\u2019iniziativa ha rappresentato un esempio concreto di collaborazione tra istituzioni, scuola e territorio, unendo salute, educazione e valorizzazione delle risorse locali.<\/p>\n<p><img loading=\"lazy\" decoding=\"async\" class=\"alignnone size-medium wp-image-11814\" src=\"https:\/\/www.marcafermana.it\/wp-content\/uploads\/2026\/04\/WhatsApp-Image-2026-04-16-at-16.05.26-3-225x300.jpeg\" alt=\"\" width=\"225\" height=\"300\" srcset=\"https:\/\/www.marcafermana.it\/wp-content\/uploads\/2026\/04\/WhatsApp-Image-2026-04-16-at-16.05.26-3-225x300.jpeg 225w, https:\/\/www.marcafermana.it\/wp-content\/uploads\/2026\/04\/WhatsApp-Image-2026-04-16-at-16.05.26-3-768x1024.jpeg 768w, https:\/\/www.marcafermana.it\/wp-content\/uploads\/2026\/04\/WhatsApp-Image-2026-04-16-at-16.05.26-3-1152x1536.jpeg 1152w, https:\/\/www.marcafermana.it\/wp-content\/uploads\/2026\/04\/WhatsApp-Image-2026-04-16-at-16.05.26-3.jpeg 1200w\" sizes=\"auto, (max-width: 225px) 100vw, 225px\" \/><\/p>\n<p><img loading=\"lazy\" decoding=\"async\" class=\"alignnone size-medium wp-image-11812\" src=\"https:\/\/www.marcafermana.it\/wp-content\/uploads\/2026\/04\/WhatsApp-Image-2026-04-16-at-16.05.26-1-260x300.jpeg\" alt=\"\" width=\"260\" height=\"300\" srcset=\"https:\/\/www.marcafermana.it\/wp-content\/uploads\/2026\/04\/WhatsApp-Image-2026-04-16-at-16.05.26-1-260x300.jpeg 260w, https:\/\/www.marcafermana.it\/wp-content\/uploads\/2026\/04\/WhatsApp-Image-2026-04-16-at-16.05.26-1-887x1024.jpeg 887w, https:\/\/www.marcafermana.it\/wp-content\/uploads\/2026\/04\/WhatsApp-Image-2026-04-16-at-16.05.26-1-768x887.jpeg 768w, https:\/\/www.marcafermana.it\/wp-content\/uploads\/2026\/04\/WhatsApp-Image-2026-04-16-at-16.05.26-1-1331x1536.jpeg 1331w, https:\/\/www.marcafermana.it\/wp-content\/uploads\/2026\/04\/WhatsApp-Image-2026-04-16-at-16.05.26-1.jpeg 1386w\" sizes=\"auto, (max-width: 260px) 100vw, 260px\" \/><\/p>\n<p><img loading=\"lazy\" decoding=\"async\" class=\"alignnone size-medium wp-image-11808\" src=\"https:\/\/www.marcafermana.it\/wp-content\/uploads\/2026\/04\/WhatsApp-Image-2026-04-16-at-16.05.25-2-225x300.jpeg\" alt=\"\" width=\"225\" height=\"300\" srcset=\"https:\/\/www.marcafermana.it\/wp-content\/uploads\/2026\/04\/WhatsApp-Image-2026-04-16-at-16.05.25-2-225x300.jpeg 225w, https:\/\/www.marcafermana.it\/wp-content\/uploads\/2026\/04\/WhatsApp-Image-2026-04-16-at-16.05.25-2-768x1024.jpeg 768w, https:\/\/www.marcafermana.it\/wp-content\/uploads\/2026\/04\/WhatsApp-Image-2026-04-16-at-16.05.25-2-1152x1536.jpeg 1152w, https:\/\/www.marcafermana.it\/wp-content\/uploads\/2026\/04\/WhatsApp-Image-2026-04-16-at-16.05.25-2.jpeg 1200w\" sizes=\"auto, (max-width: 225px) 100vw, 225px\" \/><img loading=\"lazy\" decoding=\"async\" class=\"alignnone size-medium wp-image-11806\" src=\"https:\/\/www.marcafermana.it\/wp-content\/uploads\/2026\/04\/WhatsApp-Image-2026-04-16-at-16.05.25-1-225x300.jpeg\" alt=\"\" width=\"225\" height=\"300\" srcset=\"https:\/\/www.marcafermana.it\/wp-content\/uploads\/2026\/04\/WhatsApp-Image-2026-04-16-at-16.05.25-1-225x300.jpeg 225w, https:\/\/www.marcafermana.it\/wp-content\/uploads\/2026\/04\/WhatsApp-Image-2026-04-16-at-16.05.25-1-768x1024.jpeg 768w, https:\/\/www.marcafermana.it\/wp-content\/uploads\/2026\/04\/WhatsApp-Image-2026-04-16-at-16.05.25-1-1152x1536.jpeg 1152w, https:\/\/www.marcafermana.it\/wp-content\/uploads\/2026\/04\/WhatsApp-Image-2026-04-16-at-16.05.25-1.jpeg 1200w\" sizes=\"auto, (max-width: 225px) 100vw, 225px\" \/><\/p>\n<p>&nbsp;<\/p>\n<p>&nbsp;<\/p>\n","protected":false},"excerpt":{"rendered":"<p>ALTIDONA \u2013 Dall\u2019introduzione del pesce fresco dell\u2019Adriatico nelle mense scolastiche fino al laboratorio finale con gli studenti: si \u00e8 concluso ad Altidona il progetto \u201cPappa Fish \u2013 Mangia bene, cresci sano come un pesce\u201d, promosso dalla Regione Marche e finanziato [&hellip;]<\/p>\n","protected":false},"author":7,"featured_media":11810,"comment_status":"open","ping_status":"closed","template":"","meta":{"_acf_changed":false,"_tribe_events_status":"","_tribe_events_status_reason":"","footnotes":""},"tags":[],"tribe_events_cat":[],"class_list":["post-11827","tribe_events","type-tribe_events","status-publish","has-post-thumbnail","hentry"],"acf":[],"yoast_head":"<!-- This site is optimized with the Yoast SEO plugin v22.8 - https:\/\/yoast.com\/wordpress\/plugins\/seo\/ -->\n<title>Altidona, dalle mense al laboratorio: il progetto \u201cPappa Fish\u201d si chiude con gli studenti protagonisti - Marca Fermana<\/title>\n<meta name=\"robots\" content=\"index, follow, max-snippet:-1, max-image-preview:large, max-video-preview:-1\" \/>\n<link rel=\"canonical\" href=\"https:\/\/www.marcafermana.it\/it\/evento\/altidona-dalle-mense-al-laboratorio-il-progetto-pappa-fish-si-chiude-con-gli-studenti-protagonisti\/\" \/>\n<meta property=\"og:locale\" content=\"it_IT\" \/>\n<meta property=\"og:type\" content=\"article\" \/>\n<meta property=\"og:title\" content=\"Altidona, dalle mense al laboratorio: il progetto \u201cPappa Fish\u201d si chiude con gli studenti protagonisti - Marca Fermana\" \/>\n<meta property=\"og:description\" content=\"ALTIDONA \u2013 Dall\u2019introduzione del pesce fresco dell\u2019Adriatico nelle mense scolastiche fino al laboratorio finale con gli studenti: si \u00e8 concluso ad Altidona il progetto \u201cPappa Fish \u2013 Mangia bene, cresci sano come un pesce\u201d, promosso dalla Regione Marche e finanziato [&hellip;]\" \/>\n<meta property=\"og:url\" content=\"https:\/\/www.marcafermana.it\/it\/evento\/altidona-dalle-mense-al-laboratorio-il-progetto-pappa-fish-si-chiude-con-gli-studenti-protagonisti\/\" \/>\n<meta property=\"og:site_name\" content=\"Marca Fermana\" \/>\n<meta property=\"article:publisher\" content=\"https:\/\/www.facebook.com\/marcafermanaAssociazione\/\" \/>\n<meta property=\"article:modified_time\" content=\"2026-04-29T09:48:56+00:00\" \/>\n<meta property=\"og:image\" content=\"https:\/\/www.marcafermana.it\/wp-content\/uploads\/2026\/04\/WhatsApp-Image-2026-04-16-at-16.05.25-4.jpeg\" \/>\n\t<meta property=\"og:image:width\" content=\"1088\" \/>\n\t<meta property=\"og:image:height\" content=\"1600\" \/>\n\t<meta property=\"og:image:type\" content=\"image\/jpeg\" \/>\n<meta name=\"twitter:card\" content=\"summary_large_image\" \/>\n<meta name=\"twitter:site\" content=\"@MarcaFermana\" \/>\n<meta name=\"twitter:label1\" content=\"Tempo di lettura stimato\" \/>\n\t<meta name=\"twitter:data1\" content=\"4 minuti\" \/>\n<script type=\"application\/ld+json\" class=\"yoast-schema-graph\">{\"@context\":\"https:\/\/schema.org\",\"@graph\":[{\"@type\":\"WebPage\",\"@id\":\"https:\/\/www.marcafermana.it\/it\/evento\/altidona-dalle-mense-al-laboratorio-il-progetto-pappa-fish-si-chiude-con-gli-studenti-protagonisti\/\",\"url\":\"https:\/\/www.marcafermana.it\/it\/evento\/altidona-dalle-mense-al-laboratorio-il-progetto-pappa-fish-si-chiude-con-gli-studenti-protagonisti\/\",\"name\":\"Altidona, dalle mense al laboratorio: il progetto \u201cPappa Fish\u201d si chiude con gli studenti protagonisti - Marca Fermana\",\"isPartOf\":{\"@id\":\"https:\/\/www.marcafermana.it\/it\/#website\"},\"primaryImageOfPage\":{\"@id\":\"https:\/\/www.marcafermana.it\/it\/evento\/altidona-dalle-mense-al-laboratorio-il-progetto-pappa-fish-si-chiude-con-gli-studenti-protagonisti\/#primaryimage\"},\"image\":{\"@id\":\"https:\/\/www.marcafermana.it\/it\/evento\/altidona-dalle-mense-al-laboratorio-il-progetto-pappa-fish-si-chiude-con-gli-studenti-protagonisti\/#primaryimage\"},\"thumbnailUrl\":\"https:\/\/www.marcafermana.it\/wp-content\/uploads\/2026\/04\/WhatsApp-Image-2026-04-16-at-16.05.25-4.jpeg\",\"datePublished\":\"2026-04-29T09:48:42+00:00\",\"dateModified\":\"2026-04-29T09:48:56+00:00\",\"breadcrumb\":{\"@id\":\"https:\/\/www.marcafermana.it\/it\/evento\/altidona-dalle-mense-al-laboratorio-il-progetto-pappa-fish-si-chiude-con-gli-studenti-protagonisti\/#breadcrumb\"},\"inLanguage\":\"it-IT\",\"potentialAction\":[{\"@type\":\"ReadAction\",\"target\":[\"https:\/\/www.marcafermana.it\/it\/evento\/altidona-dalle-mense-al-laboratorio-il-progetto-pappa-fish-si-chiude-con-gli-studenti-protagonisti\/\"]}]},{\"@type\":\"ImageObject\",\"inLanguage\":\"it-IT\",\"@id\":\"https:\/\/www.marcafermana.it\/it\/evento\/altidona-dalle-mense-al-laboratorio-il-progetto-pappa-fish-si-chiude-con-gli-studenti-protagonisti\/#primaryimage\",\"url\":\"https:\/\/www.marcafermana.it\/wp-content\/uploads\/2026\/04\/WhatsApp-Image-2026-04-16-at-16.05.25-4.jpeg\",\"contentUrl\":\"https:\/\/www.marcafermana.it\/wp-content\/uploads\/2026\/04\/WhatsApp-Image-2026-04-16-at-16.05.25-4.jpeg\",\"width\":1088,\"height\":1600},{\"@type\":\"BreadcrumbList\",\"@id\":\"https:\/\/www.marcafermana.it\/it\/evento\/altidona-dalle-mense-al-laboratorio-il-progetto-pappa-fish-si-chiude-con-gli-studenti-protagonisti\/#breadcrumb\",\"itemListElement\":[{\"@type\":\"ListItem\",\"position\":1,\"name\":\"Home\",\"item\":\"https:\/\/www.marcafermana.it\/it\/\"},{\"@type\":\"ListItem\",\"position\":2,\"name\":\"Eventi\",\"item\":\"https:\/\/www.marcafermana.it\/it\/eventi\/\"},{\"@type\":\"ListItem\",\"position\":3,\"name\":\"Altidona, dalle mense al laboratorio: il progetto \u201cPappa Fish\u201d si chiude con gli studenti protagonisti\"}]},{\"@type\":\"WebSite\",\"@id\":\"https:\/\/www.marcafermana.it\/it\/#website\",\"url\":\"https:\/\/www.marcafermana.it\/it\/\",\"name\":\"Marca Fermana\",\"description\":\"Il fermano, la bellezza con radici storiche e culturali\",\"publisher\":{\"@id\":\"https:\/\/www.marcafermana.it\/it\/#organization\"},\"potentialAction\":[{\"@type\":\"SearchAction\",\"target\":{\"@type\":\"EntryPoint\",\"urlTemplate\":\"https:\/\/www.marcafermana.it\/it\/?s={search_term_string}\"},\"query-input\":\"required name=search_term_string\"}],\"inLanguage\":\"it-IT\"},{\"@type\":\"Organization\",\"@id\":\"https:\/\/www.marcafermana.it\/it\/#organization\",\"name\":\"Marca Fermana\",\"url\":\"https:\/\/www.marcafermana.it\/it\/\",\"logo\":{\"@type\":\"ImageObject\",\"inLanguage\":\"it-IT\",\"@id\":\"https:\/\/www.marcafermana.it\/it\/#\/schema\/logo\/image\/\",\"url\":\"https:\/\/www.marcafermana.it\/wp-content\/uploads\/2018\/09\/favicon-marca-fermana.png\",\"contentUrl\":\"https:\/\/www.marcafermana.it\/wp-content\/uploads\/2018\/09\/favicon-marca-fermana.png\",\"width\":256,\"height\":256,\"caption\":\"Marca Fermana\"},\"image\":{\"@id\":\"https:\/\/www.marcafermana.it\/it\/#\/schema\/logo\/image\/\"},\"sameAs\":[\"https:\/\/www.facebook.com\/marcafermanaAssociazione\/\",\"https:\/\/x.com\/MarcaFermana\"]}]}<\/script>\n<!-- \/ Yoast SEO plugin. -->","yoast_head_json":{"title":"Altidona, dalle mense al laboratorio: il progetto \u201cPappa Fish\u201d si chiude con gli studenti protagonisti - Marca Fermana","robots":{"index":"index","follow":"follow","max-snippet":"max-snippet:-1","max-image-preview":"max-image-preview:large","max-video-preview":"max-video-preview:-1"},"canonical":"https:\/\/www.marcafermana.it\/it\/evento\/altidona-dalle-mense-al-laboratorio-il-progetto-pappa-fish-si-chiude-con-gli-studenti-protagonisti\/","og_locale":"it_IT","og_type":"article","og_title":"Altidona, dalle mense al laboratorio: il progetto \u201cPappa Fish\u201d si chiude con gli studenti protagonisti - Marca Fermana","og_description":"ALTIDONA \u2013 Dall\u2019introduzione del pesce fresco dell\u2019Adriatico nelle mense scolastiche fino al laboratorio finale con gli studenti: si \u00e8 concluso ad Altidona il progetto \u201cPappa Fish \u2013 Mangia bene, cresci sano come un pesce\u201d, promosso dalla Regione Marche e finanziato [&hellip;]","og_url":"https:\/\/www.marcafermana.it\/it\/evento\/altidona-dalle-mense-al-laboratorio-il-progetto-pappa-fish-si-chiude-con-gli-studenti-protagonisti\/","og_site_name":"Marca Fermana","article_publisher":"https:\/\/www.facebook.com\/marcafermanaAssociazione\/","article_modified_time":"2026-04-29T09:48:56+00:00","og_image":[{"width":1088,"height":1600,"url":"https:\/\/www.marcafermana.it\/wp-content\/uploads\/2026\/04\/WhatsApp-Image-2026-04-16-at-16.05.25-4.jpeg","type":"image\/jpeg"}],"twitter_card":"summary_large_image","twitter_site":"@MarcaFermana","twitter_misc":{"Tempo di lettura stimato":"4 minuti"},"schema":{"@context":"https:\/\/schema.org","@graph":[{"@type":"WebPage","@id":"https:\/\/www.marcafermana.it\/it\/evento\/altidona-dalle-mense-al-laboratorio-il-progetto-pappa-fish-si-chiude-con-gli-studenti-protagonisti\/","url":"https:\/\/www.marcafermana.it\/it\/evento\/altidona-dalle-mense-al-laboratorio-il-progetto-pappa-fish-si-chiude-con-gli-studenti-protagonisti\/","name":"Altidona, dalle mense al laboratorio: il progetto \u201cPappa Fish\u201d si chiude con gli studenti protagonisti - Marca Fermana","isPartOf":{"@id":"https:\/\/www.marcafermana.it\/it\/#website"},"primaryImageOfPage":{"@id":"https:\/\/www.marcafermana.it\/it\/evento\/altidona-dalle-mense-al-laboratorio-il-progetto-pappa-fish-si-chiude-con-gli-studenti-protagonisti\/#primaryimage"},"image":{"@id":"https:\/\/www.marcafermana.it\/it\/evento\/altidona-dalle-mense-al-laboratorio-il-progetto-pappa-fish-si-chiude-con-gli-studenti-protagonisti\/#primaryimage"},"thumbnailUrl":"https:\/\/www.marcafermana.it\/wp-content\/uploads\/2026\/04\/WhatsApp-Image-2026-04-16-at-16.05.25-4.jpeg","datePublished":"2026-04-29T09:48:42+00:00","dateModified":"2026-04-29T09:48:56+00:00","breadcrumb":{"@id":"https:\/\/www.marcafermana.it\/it\/evento\/altidona-dalle-mense-al-laboratorio-il-progetto-pappa-fish-si-chiude-con-gli-studenti-protagonisti\/#breadcrumb"},"inLanguage":"it-IT","potentialAction":[{"@type":"ReadAction","target":["https:\/\/www.marcafermana.it\/it\/evento\/altidona-dalle-mense-al-laboratorio-il-progetto-pappa-fish-si-chiude-con-gli-studenti-protagonisti\/"]}]},{"@type":"ImageObject","inLanguage":"it-IT","@id":"https:\/\/www.marcafermana.it\/it\/evento\/altidona-dalle-mense-al-laboratorio-il-progetto-pappa-fish-si-chiude-con-gli-studenti-protagonisti\/#primaryimage","url":"https:\/\/www.marcafermana.it\/wp-content\/uploads\/2026\/04\/WhatsApp-Image-2026-04-16-at-16.05.25-4.jpeg","contentUrl":"https:\/\/www.marcafermana.it\/wp-content\/uploads\/2026\/04\/WhatsApp-Image-2026-04-16-at-16.05.25-4.jpeg","width":1088,"height":1600},{"@type":"BreadcrumbList","@id":"https:\/\/www.marcafermana.it\/it\/evento\/altidona-dalle-mense-al-laboratorio-il-progetto-pappa-fish-si-chiude-con-gli-studenti-protagonisti\/#breadcrumb","itemListElement":[{"@type":"ListItem","position":1,"name":"Home","item":"https:\/\/www.marcafermana.it\/it\/"},{"@type":"ListItem","position":2,"name":"Eventi","item":"https:\/\/www.marcafermana.it\/it\/eventi\/"},{"@type":"ListItem","position":3,"name":"Altidona, dalle mense al laboratorio: il progetto \u201cPappa Fish\u201d si chiude con gli studenti protagonisti"}]},{"@type":"WebSite","@id":"https:\/\/www.marcafermana.it\/it\/#website","url":"https:\/\/www.marcafermana.it\/it\/","name":"Marca Fermana","description":"Il fermano, la bellezza con radici storiche e culturali","publisher":{"@id":"https:\/\/www.marcafermana.it\/it\/#organization"},"potentialAction":[{"@type":"SearchAction","target":{"@type":"EntryPoint","urlTemplate":"https:\/\/www.marcafermana.it\/it\/?s={search_term_string}"},"query-input":"required name=search_term_string"}],"inLanguage":"it-IT"},{"@type":"Organization","@id":"https:\/\/www.marcafermana.it\/it\/#organization","name":"Marca Fermana","url":"https:\/\/www.marcafermana.it\/it\/","logo":{"@type":"ImageObject","inLanguage":"it-IT","@id":"https:\/\/www.marcafermana.it\/it\/#\/schema\/logo\/image\/","url":"https:\/\/www.marcafermana.it\/wp-content\/uploads\/2018\/09\/favicon-marca-fermana.png","contentUrl":"https:\/\/www.marcafermana.it\/wp-content\/uploads\/2018\/09\/favicon-marca-fermana.png","width":256,"height":256,"caption":"Marca Fermana"},"image":{"@id":"https:\/\/www.marcafermana.it\/it\/#\/schema\/logo\/image\/"},"sameAs":["https:\/\/www.facebook.com\/marcafermanaAssociazione\/","https:\/\/x.com\/MarcaFermana"]}]}},"_links":{"self":[{"href":"https:\/\/www.marcafermana.it\/it\/wp-json\/wp\/v2\/tribe_events\/11827","targetHints":{"allow":["GET"]}}],"collection":[{"href":"https:\/\/www.marcafermana.it\/it\/wp-json\/wp\/v2\/tribe_events"}],"about":[{"href":"https:\/\/www.marcafermana.it\/it\/wp-json\/wp\/v2\/types\/tribe_events"}],"author":[{"embeddable":true,"href":"https:\/\/www.marcafermana.it\/it\/wp-json\/wp\/v2\/users\/7"}],"replies":[{"embeddable":true,"href":"https:\/\/www.marcafermana.it\/it\/wp-json\/wp\/v2\/comments?post=11827"}],"version-history":[{"count":1,"href":"https:\/\/www.marcafermana.it\/it\/wp-json\/wp\/v2\/tribe_events\/11827\/revisions"}],"predecessor-version":[{"id":11828,"href":"https:\/\/www.marcafermana.it\/it\/wp-json\/wp\/v2\/tribe_events\/11827\/revisions\/11828"}],"wp:featuredmedia":[{"embeddable":true,"href":"https:\/\/www.marcafermana.it\/it\/wp-json\/wp\/v2\/media\/11810"}],"wp:attachment":[{"href":"https:\/\/www.marcafermana.it\/it\/wp-json\/wp\/v2\/media?parent=11827"}],"wp:term":[{"taxonomy":"post_tag","embeddable":true,"href":"https:\/\/www.marcafermana.it\/it\/wp-json\/wp\/v2\/tags?post=11827"},{"taxonomy":"tribe_events_cat","embeddable":true,"href":"https:\/\/www.marcafermana.it\/it\/wp-json\/wp\/v2\/tribe_events_cat?post=11827"}],"curies":[{"name":"wp","href":"https:\/\/api.w.org\/{rel}","templated":true}]}}